{"id":17,"date":"2018-02-20T10:01:23","date_gmt":"2018-02-20T10:01:23","guid":{"rendered":"https:\/\/adsp-bejune.ch\/site\/?page_id=17"},"modified":"2023-04-24T06:39:05","modified_gmt":"2023-04-24T06:39:05","slug":"historique","status":"publish","type":"page","link":"https:\/\/adsp-bejune.ch\/site\/lassociation\/historique\/","title":{"rendered":"Historique"},"content":{"rendered":"<hr \/>\n<p style=\"text-align: justify;\">En 2011, les ministres de la sant\u00e9 des trois cantons BEJUNE cr\u00e9ent l'Association EMSP BEJUNE dont les buts sont :<\/p>\n<p style=\"text-align: justify;\">\"La promotion et le d\u00e9veloppement des soins palliatifs dans les cantons de Neuch\u00e2tel, du Jura et de Berne, pour l'arrondissement du Jura bernois, notamment par la cr\u00e9ation d'une \u00e9quipe mobile commune ayant pour mission d'offrir sur leur territoire les services d'une \u00e9quipe sp\u00e9cialis\u00e9e de 2\u00e8me ligne en soins palliatifs\".<\/p>\n<hr \/>\n<p style=\"text-align: justify;\">En 2012 L'<a href=\"https:\/\/adsp-bejune.ch\/site\/lequipe-mobile-en-soins-palliatifs\/\">\u00e9quipe mobile en soins palliatifs BEJUNE<\/a> (EMSP BEJUNE) est cr\u00e9\u00e9e.<\/p>\n<hr \/>\n<p style=\"text-align: justify;\">En 2014 Le comit\u00e9 de direction de l'EMSP BEJUNE a re\u00e7u mandat de son assembl\u00e9e g\u00e9n\u00e9rale, soit des cantons de Berne, du Jura et de Neuch\u00e2tel, d'\u00e9laborer une strat\u00e9gie intercantonale en mati\u00e8re de soins palliatifs. Les travaux sont men\u00e9s sous la supervision de leurs services de sant\u00e9 publique respectifs et portent sur l'ensemble des secteurs concern\u00e9s par les soins palliatifs (sant\u00e9,social, handicap).<\/p>\n<hr \/>\n<p style=\"text-align: justify;\">Une Strat\u00e9gie en cinq axes au service d'une vision commune :<\/p>\n<p style=\"text-align: justify;\">\"Permettre \u00e0 l'ensemble de la population de la r\u00e9gion BEJUNE l'acc\u00e8s \u00e0 des soins palliatifs de qualit\u00e9 adapt\u00e9s \u00e0 la situation et aux besoins singuliers de la personne et de son entourage\".<\/p>\n<p style=\"text-align: justify;\">La strat\u00e9gie BEJUNE est d\u00e9clin\u00e9e sous forme de 5 orientations strat\u00e9giques :<\/p>\n<ol style=\"text-align: justify;\">\n<li>renforcer la sensibilisation aux soins palliatifs, tant parmi les personnels soignants qu'aupr\u00e8s du public;<\/li>\n<li>garantir une offre de prestations conforme aux besoins;<\/li>\n<li>am\u00e9liorer la qualit\u00e9 des prestations propos\u00e9es;<\/li>\n<li>mieux int\u00e9grer les soins palliatifs dans les r\u00e9seaux;<\/li>\n<li>rendre les soins palliatifs efficaces dans la dur\u00e9e<\/li>\n<\/ol>\n<hr \/>\n<p style=\"text-align: justify;\">En mars 2017 les trois conseillers d'Etat en charge de la sant\u00e9, Messieurs Pierre-Alain Schnegg pour Berne, Jacques Gerber pour le Jura et Laurent Kurth pour Neuch\u00e2tel valident la strat\u00e9gie BEJUNE en mati\u00e8re de soins palliatifs 2017-2027.<\/p>\n<p style=\"text-align: justify;\">Les cantons d\u00e9cident de confier la mise en oeuvre de cette strat\u00e9gie \u00e0 l'Association pour le d\u00e9veloppement des soins palliatifs BEJUNE (ADSP BEJUNE). Cette derni\u00e8re r\u00e9sulte d'une adaptation des statuts de la pr\u00e9c\u00e9dente Association EMSP BEJUNE, dont le but et le champ d'activit\u00e9 sont \u00e9largis.<\/p>\n<p style=\"text-align: justify;\">Selon ses statuts, l'ADSP BEJUNE, a pour but de d\u00e9velopper les soins palliatifs dans les cantons de Neuch\u00e2tel, du Jura et de Berne, pour l'arrondissement du Jura bernois.<\/p>\n<p style=\"text-align: justify;\">Pour ce faire, l'Association :<\/p>\n<ul style=\"text-align: justify;\">\n<li>met en oeuvre la strat\u00e9gie BEJUNE en mati\u00e8re de soins palliatifs et l'actualise au besoin;<\/li>\n<li>g\u00e8re une \u00e9quipe mobile commune sp\u00e9cialis\u00e9e de 2\u00e8me\u00a0\u00a0ligne en soins palliatifs, l'Equipe mobile\u00a0en soins palliatifs (EMSP) BEJUNE, sur le territoire couvert par l'Association.<\/li>\n<\/ul>\n<hr \/>\n<p style=\"text-align: justify;\"><img loading=\"lazy\" decoding=\"async\" class=\"aligncenter wp-image-252 size-full\" src=\"https:\/\/adsp-bejune.ch\/site\/wp-content\/uploads\/2018\/02\/cropped-pissenlit-3-2.jpg\" alt=\"\" width=\"1366\" height=\"157\" srcset=\"https:\/\/adsp-bejune.ch\/site\/wp-content\/uploads\/2018\/02\/cropped-pissenlit-3-2.jpg 1366w, https:\/\/adsp-bejune.ch\/site\/wp-content\/uploads\/2018\/02\/cropped-pissenlit-3-2-300x34.jpg 300w, https:\/\/adsp-bejune.ch\/site\/wp-content\/uploads\/2018\/02\/cropped-pissenlit-3-2-768x88.jpg 768w, https:\/\/adsp-bejune.ch\/site\/wp-content\/uploads\/2018\/02\/cropped-pissenlit-3-2-1024x118.jpg 1024w, https:\/\/adsp-bejune.ch\/site\/wp-content\/uploads\/2018\/02\/cropped-pissenlit-3-2-820x94.jpg 820w\" sizes=\"auto, (max-width: 1366px) 100vw, 1366px\" \/><\/p>\n<hr \/>\n<p>&nbsp;<\/p>\n","protected":false},"excerpt":{"rendered":"<p>En 2011, les ministres de la sant\u00e9 des trois cantons BEJUNE cr\u00e9ent l&rsquo;Association EMSP BEJUNE dont les buts sont : \u00ab\u00a0La promotion et le d\u00e9veloppement des soins palliatifs dans les cantons de Neuch\u00e2tel, du Jura et de Berne, pour l&rsquo;arrondissement du Jura bernois, notamment par la cr\u00e9ation d&rsquo;une \u00e9quipe mobile commune ayant pour mission d&rsquo;offrir [&hellip;]<\/p>\n","protected":false},"author":1,"featured_media":0,"parent":67,"menu_order":0,"comment_status":"closed","ping_status":"closed","template":"page-templates\/page_fullwidth.php","meta":{"footnotes":""},"class_list":["post-17","page","type-page","status-publish","hentry"],"wppr_data":{"cwp_meta_box_check":"No"},"_links":{"self":[{"href":"https:\/\/adsp-bejune.ch\/site\/wp-json\/wp\/v2\/pages\/17","targetHints":{"allow":["GET"]}}],"collection":[{"href":"https:\/\/adsp-bejune.ch\/site\/wp-json\/wp\/v2\/pages"}],"about":[{"href":"https:\/\/adsp-bejune.ch\/site\/wp-json\/wp\/v2\/types\/page"}],"author":[{"embeddable":true,"href":"https:\/\/adsp-bejune.ch\/site\/wp-json\/wp\/v2\/users\/1"}],"replies":[{"embeddable":true,"href":"https:\/\/adsp-bejune.ch\/site\/wp-json\/wp\/v2\/comments?post=17"}],"version-history":[{"count":23,"href":"https:\/\/adsp-bejune.ch\/site\/wp-json\/wp\/v2\/pages\/17\/revisions"}],"predecessor-version":[{"id":875,"href":"https:\/\/adsp-bejune.ch\/site\/wp-json\/wp\/v2\/pages\/17\/revisions\/875"}],"up":[{"embeddable":true,"href":"https:\/\/adsp-bejune.ch\/site\/wp-json\/wp\/v2\/pages\/67"}],"wp:attachment":[{"href":"https:\/\/adsp-bejune.ch\/site\/wp-json\/wp\/v2\/media?parent=17"}],"curies":[{"name":"wp","href":"https:\/\/api.w.org\/{rel}","templated":true}]}}