{"id":67,"date":"2018-02-20T12:13:22","date_gmt":"2018-02-20T12:13:22","guid":{"rendered":"https:\/\/adsp-bejune.ch\/site\/?page_id=67"},"modified":"2026-03-12T10:04:54","modified_gmt":"2026-03-12T10:04:54","slug":"lassociation","status":"publish","type":"page","link":"https:\/\/adsp-bejune.ch\/site\/lassociation\/","title":{"rendered":"L&rsquo;association"},"content":{"rendered":"<hr \/>\n<p style=\"text-align: justify;\">L'<strong>Association pour le d\u00e9veloppement des soins palliatifs BEJUNE<\/strong> (ADSP BEJUNE) a pour but de d\u00e9velopper les soins palliatifs dans les cantons de Neuch\u00e2tel, du Jura et de Berne, pour l\u2019arrondissement de Jura bernois.<\/p>\n<hr \/>\n<figure id=\"attachment_151\" aria-describedby=\"caption-attachment-151\" style=\"width: 600px\" class=\"wp-caption aligncenter\"><img loading=\"lazy\" decoding=\"async\" class=\"wp-image-151\" src=\"https:\/\/adsp-bejune.ch\/site\/wp-content\/uploads\/2018\/02\/3078-300x191.png\" alt=\"\" width=\"600\" height=\"382\" srcset=\"https:\/\/adsp-bejune.ch\/site\/wp-content\/uploads\/2018\/02\/3078-300x191.png 300w, https:\/\/adsp-bejune.ch\/site\/wp-content\/uploads\/2018\/02\/3078-768x489.png 768w, https:\/\/adsp-bejune.ch\/site\/wp-content\/uploads\/2018\/02\/3078-820x522.png 820w, https:\/\/adsp-bejune.ch\/site\/wp-content\/uploads\/2018\/02\/3078.png 880w\" sizes=\"auto, (max-width: 600px) 100vw, 600px\" \/><figcaption id=\"caption-attachment-151\" class=\"wp-caption-text\">Espace BEJUNE<\/figcaption><\/figure>\n<hr \/>\n<p style=\"text-align: justify;\">Pour ce faire, l\u2019Association :<\/p>\n<p>&nbsp;<\/p>\n<ul>\n<li>met en oeuvre la <a href=\"https:\/\/adsp-bejune.ch\/site\/la-strategie\/\">strat\u00e9gie BEJUNE<\/a> en mati\u00e8re de soins palliatifs et l\u2019actualise au besoin;<\/li>\n<\/ul>\n<p>&nbsp;<\/p>\n<ul>\n<li>g\u00e8re une <a href=\"https:\/\/adsp-bejune.ch\/site\/lequipe-mobile-en-soins-palliatifs\/\">\u00e9quipe mobile<\/a> commune sp\u00e9cialis\u00e9e de 2\u00e8me\u00a0\u00a0ligne en soins palliatifs, l\u2019Equipe mobile\u00a0en soins palliatifs (EMSP) BEJUNE, sur le territoire couvert par l\u2019Association.<\/li>\n<\/ul>\n<hr \/>\n<p><img loading=\"lazy\" decoding=\"async\" class=\"aligncenter size-full wp-image-418\" src=\"https:\/\/adsp-bejune.ch\/site\/wp-content\/uploads\/2018\/03\/Organigramme_GA.png\" alt=\"\" width=\"1013\" height=\"690\" srcset=\"https:\/\/adsp-bejune.ch\/site\/wp-content\/uploads\/2018\/03\/Organigramme_GA.png 1013w, https:\/\/adsp-bejune.ch\/site\/wp-content\/uploads\/2018\/03\/Organigramme_GA-300x204.png 300w, https:\/\/adsp-bejune.ch\/site\/wp-content\/uploads\/2018\/03\/Organigramme_GA-768x523.png 768w, https:\/\/adsp-bejune.ch\/site\/wp-content\/uploads\/2018\/03\/Organigramme_GA-820x559.png 820w\" sizes=\"auto, (max-width: 1013px) 100vw, 1013px\" \/><\/p>\n<p>&nbsp;<\/p>\n<hr \/>\n<table style=\"border-collapse: collapse; width: 100%;\">\n<tbody>\n<tr>\n<td style=\"width: 50%;\">\n<h3><strong>Assembl\u00e9e g\u00e9n\u00e9rale<\/strong><\/h3>\n<hr \/>\n<p><strong>R\u00e9publique et canton du Jura<\/strong><br \/>\nMonsieur le Ministre St\u00e9phane Theurillat, pr\u00e9sident<\/p>\n<p><strong>R\u00e9publique et canton de Neuch\u00e2tel<\/strong><br \/>\nMonsieur le Conseiller d\u2019Etat Fr\u00e9d\u00e9ric Mairy<\/p>\n<p><strong>Canton de Berne<\/strong><br \/>\nMonsieur le Conseiller d\u2019Etat Pierre Alain Schnegg<\/p>\n<\/td>\n<td style=\"width: 50%;\">\n<h3><strong>Comit\u00e9 de direction<\/strong><\/h3>\n<hr \/>\n<p><strong>R\u00e9publique et canton de Neuch\u00e2tel<\/strong><br \/>\nMonsieur Christophe Guye, pr\u00e9sident<\/p>\n<p><strong>R\u00e9publique et canton du Jura<\/strong><br \/>\nMadame Sophie Chevrey-Schaller, vice-pr\u00e9sidente<\/p>\n<p><strong>Canton de Berne<\/strong><br \/>\nMonsieur Ambroise Ecoffey<\/p>\n<\/td>\n<\/tr>\n<\/tbody>\n<\/table>\n<p>&nbsp;<\/p>\n","protected":false},"excerpt":{"rendered":"<p>L&rsquo;Association pour le d\u00e9veloppement des soins palliatifs BEJUNE (ADSP BEJUNE) a pour but de d\u00e9velopper les soins palliatifs dans les cantons de Neuch\u00e2tel, du Jura et de Berne, pour l\u2019arrondissement de Jura bernois. Pour ce faire, l\u2019Association : &nbsp; met en oeuvre la strat\u00e9gie BEJUNE en mati\u00e8re de soins palliatifs et l\u2019actualise au besoin; &nbsp; [&hellip;]<\/p>\n","protected":false},"author":1,"featured_media":0,"parent":0,"menu_order":0,"comment_status":"closed","ping_status":"closed","template":"page-templates\/page_fullwidth.php","meta":{"footnotes":""},"class_list":["post-67","page","type-page","status-publish","hentry"],"wppr_data":{"cwp_meta_box_check":"No"},"_links":{"self":[{"href":"https:\/\/adsp-bejune.ch\/site\/wp-json\/wp\/v2\/pages\/67","targetHints":{"allow":["GET"]}}],"collection":[{"href":"https:\/\/adsp-bejune.ch\/site\/wp-json\/wp\/v2\/pages"}],"about":[{"href":"https:\/\/adsp-bejune.ch\/site\/wp-json\/wp\/v2\/types\/page"}],"author":[{"embeddable":true,"href":"https:\/\/adsp-bejune.ch\/site\/wp-json\/wp\/v2\/users\/1"}],"replies":[{"embeddable":true,"href":"https:\/\/adsp-bejune.ch\/site\/wp-json\/wp\/v2\/comments?post=67"}],"version-history":[{"count":39,"href":"https:\/\/adsp-bejune.ch\/site\/wp-json\/wp\/v2\/pages\/67\/revisions"}],"predecessor-version":[{"id":957,"href":"https:\/\/adsp-bejune.ch\/site\/wp-json\/wp\/v2\/pages\/67\/revisions\/957"}],"wp:attachment":[{"href":"https:\/\/adsp-bejune.ch\/site\/wp-json\/wp\/v2\/media?parent=67"}],"curies":[{"name":"wp","href":"https:\/\/api.w.org\/{rel}","templated":true}]}}