{"id":815,"date":"2021-09-13T13:20:03","date_gmt":"2021-09-13T13:20:03","guid":{"rendered":"https:\/\/adsp-bejune.ch\/site\/?page_id=815"},"modified":"2021-09-29T11:18:01","modified_gmt":"2021-09-29T11:18:01","slug":"dossier-de-presse","status":"publish","type":"page","link":"https:\/\/adsp-bejune.ch\/site\/dossier-de-presse\/","title":{"rendered":"Dossier de presse &#8211; lancement de la vid\u00e9o"},"content":{"rendered":"<h2><a href=\"https:\/\/vie.palliactif.ch\/\" target=\"_blank\" rel=\"noopener\"><img loading=\"lazy\" decoding=\"async\" class=\"aligncenter wp-image-820 size-full\" src=\"https:\/\/adsp-bejune.ch\/site\/wp-content\/uploads\/2021\/09\/cestlavie_img_cartea.png\" alt=\"\" width=\"2242\" height=\"1598\" srcset=\"https:\/\/adsp-bejune.ch\/site\/wp-content\/uploads\/2021\/09\/cestlavie_img_cartea.png 2242w, https:\/\/adsp-bejune.ch\/site\/wp-content\/uploads\/2021\/09\/cestlavie_img_cartea-300x214.png 300w, https:\/\/adsp-bejune.ch\/site\/wp-content\/uploads\/2021\/09\/cestlavie_img_cartea-1024x730.png 1024w, https:\/\/adsp-bejune.ch\/site\/wp-content\/uploads\/2021\/09\/cestlavie_img_cartea-768x547.png 768w, https:\/\/adsp-bejune.ch\/site\/wp-content\/uploads\/2021\/09\/cestlavie_img_cartea-1536x1095.png 1536w, https:\/\/adsp-bejune.ch\/site\/wp-content\/uploads\/2021\/09\/cestlavie_img_cartea-2048x1460.png 2048w, https:\/\/adsp-bejune.ch\/site\/wp-content\/uploads\/2021\/09\/cestlavie_img_cartea-50x36.png 50w, https:\/\/adsp-bejune.ch\/site\/wp-content\/uploads\/2021\/09\/cestlavie_img_cartea-820x584.png 820w\" sizes=\"auto, (max-width: 2242px) 100vw, 2242px\" \/><\/a><\/h2>\n<h2>\u00a0<\/h2>\n<h2><strong>Documents \u00e0 l'intention des m\u00e9dias<\/strong><\/h2>\n<p>(utilisation libre de droit)<\/p>\n<ul>\n<li><a href=\"https:\/\/adsp-bejune.ch\/site\/wp-content\/uploads\/2021\/09\/Communiquedepresse_202109_lancementvideo.pdf\">Communiqu\u00e9 de presse du 28 septembre 2021<\/a> (pdf)\n<\/li>\n<li><a href=\"https:\/\/adsp-bejune.ch\/site\/wp-content\/uploads\/2021\/09\/2021_09_07_VIE_Affiche_A3.pdf\">Affiche A3<\/a> (pdf)\n<\/li>\n<li data-wp-editing=\"1\"><a href=\"https:\/\/adsp-bejune.ch\/site\/wp-content\/uploads\/2021\/09\/2021_09_07_VIE_Carte_postale_A6.pdf\">Carte postale A6<\/a> (pdf)<\/li>\n<\/ul>\n<p>&nbsp;<\/p>\n<h2><strong>Liens pour visionner la vid\u00e9o et la diffuser<\/strong><\/h2>\n<ul>\n<li>Page sp\u00e9cifique <a href=\"https:\/\/vie.palliactif.ch\/\">vie.palliactif.ch<\/a> : <br \/>\n<a href=\"https:\/\/vie.palliactif.ch\/\">https:\/\/vie.palliactif.ch\/<\/a><\/p>\n<\/li>\n<li>Sur <a href=\"https:\/\/vimeo.com\/601682339\">Vim\u00e9o<\/a> : <br \/>\n<a href=\"https:\/\/vimeo.com\/601682339\">https:\/\/vimeo.com\/601682339<\/a><\/p>\n<\/li>\n<li>Code pour int\u00e9gration dans une page web :<\/li>\n<\/ul>\n<table class=\" aligncenter\" style=\"width: 80%; border-collapse: collapse;\">\n<tbody>\n<tr>\n<td>\n<p>&lt;iframe src=\"https:\/\/player.vimeo.com\/video\/601682339?h=0266832cf2&amp;autoplay=1&amp;title=0&amp;byline=0&amp;portrait=0\" width=\"640\" height=\"360\" frameborder=\"0\" allow=\"autoplay; fullscreen; picture-in-picture\" allowfullscreen&gt;&lt;\/iframe&gt;<\/p>\n<\/td>\n<\/tr>\n<\/tbody>\n<\/table>\n<p>&nbsp;<\/p>\n<h2><strong>Autres ressources<\/strong><\/h2>\n<ul>\n<li>Plateforme d'information des soins palliatifs BEJUNE :<br \/>\n<a href=\"https:\/\/www.palliactif.ch\/\">www.palliactif.ch\/<\/a><\/p>\n<\/li>\n<li>La charte des acteurs du r\u00e9seau de soins palliatifs BEJUNE :<br \/>\n\u00a0<a href=\"http:\/\/www.palliactif.ch\/soigner\/la-charte\">www.palliactif.ch\/soigner\/la-charte<\/a><\/p>\n<\/li>\n<li>Pr\u00e9sentation de la strat\u00e9gie BEJUNE en mati\u00e8re de soins palliatifs 2017-2027<br \/>\n<a href=\"https:\/\/adsp-bejune.ch\/site\/la-strategie\/\">www.adsp-bejune.ch\/site\/la-strategie\/<\/a><\/li>\n<\/ul>\n<p>&nbsp;<\/p>\n","protected":false},"excerpt":{"rendered":"<p>\u00a0 Documents \u00e0 l&rsquo;intention des m\u00e9dias (utilisation libre de droit) Communiqu\u00e9 de presse du 28 septembre 2021 (pdf) Affiche A3 (pdf) Carte postale A6 (pdf) &nbsp; Liens pour visionner la vid\u00e9o et la diffuser Page sp\u00e9cifique vie.palliactif.ch : https:\/\/vie.palliactif.ch\/ Sur Vim\u00e9o : https:\/\/vimeo.com\/601682339 Code pour int\u00e9gration dans une page web : &lt;iframe src=\u00a0\u00bbhttps:\/\/player.vimeo.com\/video\/601682339?h=0266832cf2&amp;autoplay=1&amp;title=0&amp;byline=0&amp;portrait=0&Prime; width=\u00a0\u00bb640&Prime; height=\u00a0\u00bb360&Prime; [&hellip;]<\/p>\n","protected":false},"author":1,"featured_media":0,"parent":0,"menu_order":0,"comment_status":"closed","ping_status":"closed","template":"","meta":{"footnotes":""},"class_list":["post-815","page","type-page","status-publish","hentry"],"wppr_data":{"cwp_meta_box_check":"No"},"_links":{"self":[{"href":"https:\/\/adsp-bejune.ch\/site\/wp-json\/wp\/v2\/pages\/815","targetHints":{"allow":["GET"]}}],"collection":[{"href":"https:\/\/adsp-bejune.ch\/site\/wp-json\/wp\/v2\/pages"}],"about":[{"href":"https:\/\/adsp-bejune.ch\/site\/wp-json\/wp\/v2\/types\/page"}],"author":[{"embeddable":true,"href":"https:\/\/adsp-bejune.ch\/site\/wp-json\/wp\/v2\/users\/1"}],"replies":[{"embeddable":true,"href":"https:\/\/adsp-bejune.ch\/site\/wp-json\/wp\/v2\/comments?post=815"}],"version-history":[{"count":33,"href":"https:\/\/adsp-bejune.ch\/site\/wp-json\/wp\/v2\/pages\/815\/revisions"}],"predecessor-version":[{"id":857,"href":"https:\/\/adsp-bejune.ch\/site\/wp-json\/wp\/v2\/pages\/815\/revisions\/857"}],"wp:attachment":[{"href":"https:\/\/adsp-bejune.ch\/site\/wp-json\/wp\/v2\/media?parent=815"}],"curies":[{"name":"wp","href":"https:\/\/api.w.org\/{rel}","templated":true}]}}